{"id":22869,"date":"2023-07-13T17:51:29","date_gmt":"2023-07-13T15:51:29","guid":{"rendered":"https:\/\/campinglesramiers.com\/strande-und-wasseraktivitaten\/"},"modified":"2023-10-25T16:52:09","modified_gmt":"2023-10-25T14:52:09","slug":"strande-und-wasseraktivitaten","status":"publish","type":"page","link":"https:\/\/campinglesramiers.com\/de\/meer-und-inselseite\/strande-und-wasseraktivitaten\/","title":{"rendered":"Str\u00e4nde und Wasseraktivit\u00e4ten"},"content":{"rendered":"\n<div style=\"height:22px\" aria-hidden=\"true\" class=\"wp-block-spacer\"><\/div>\n\n\n\n<h2 class=\"wp-block-heading\">Wassersportliche Aktivit\u00e4ten  <\/h2>\n\n\n\n<div style=\"height:22px\" aria-hidden=\"true\" class=\"wp-block-spacer\"><\/div>\n\n\n\n<div class=\"wp-block-media-text alignwide is-stacked-on-mobile is-image-fill\"><figure class=\"wp-block-media-text__media\" style=\"background-image:url(https:\/\/campinglesramiers.com\/wp-content\/uploads\/2023\/07\/DSC8063-1024x678.jpg);background-position:50% 50%\"><img loading=\"lazy\" decoding=\"async\" width=\"1024\" height=\"678\" src=\"https:\/\/campinglesramiers.com\/wp-content\/uploads\/2023\/07\/DSC8063-1024x678.jpg\" alt=\"\" class=\"wp-image-114 size-full\" srcset=\"https:\/\/campinglesramiers.com\/wp-content\/uploads\/2023\/07\/DSC8063-1024x678.jpg 1024w, https:\/\/campinglesramiers.com\/wp-content\/uploads\/2023\/07\/DSC8063-300x199.jpg 300w, https:\/\/campinglesramiers.com\/wp-content\/uploads\/2023\/07\/DSC8063-768x509.jpg 768w, https:\/\/campinglesramiers.com\/wp-content\/uploads\/2023\/07\/DSC8063.jpg 1200w\" sizes=\"auto, (max-width: 1024px) 100vw, 1024px\" \/><\/figure><div class=\"wp-block-media-text__content\">\n<h3 class=\"wp-block-heading\"><strong>Atlantic WAKEPARK&nbsp;<\/strong><\/h3>\n\n\n\n<p>15 Minuten vom Campingplatz entfernt k\u00f6nnen Sie im Atlantic WAKEPARK extreme Sensationen erleben. Vor Ort finden Sie :<\/p>\n\n\n\n<ul class=\"wp-block-list\">\n<li>einen Wasserskilift f\u00fcr Anf\u00e4nger und einen gro\u00dfen Skilift mit 5 Masten und einer L\u00e4nge von 750m.<\/li>\n<\/ul>\n\n\n\n<ul class=\"wp-block-list\">\n<li>einen Wasserpark mit aufblasbaren Wasserstrukturen f\u00fcr Gro\u00df und Klein am Plan d&#8217;eau von L&#8217;Aiguillon Sur Mer.<\/li>\n<\/ul>\n\n\n\n<ul class=\"wp-block-list\">\n<li>das Splash Game, ein schwimmender Hindernisparcours! Du musst klettern, springen und kriechen! Lachen ist garantiert! Diese Aktivit\u00e4t ist f\u00fcr Kinder ab 7 Jahren geeignet. Aktivit\u00e4t wird von Bademeistern \u00fcberwacht. Schwimmweste wird bereitgestellt.<\/li>\n\n\n\n<li>Das Warrior Game: Der 1. in Frankreich einzigartige Parcours f\u00fcr Agilit\u00e4t, Kraft und Gleichgewicht \u00fcber dem Wasser.<\/li>\n<\/ul>\n\n\n\n<p>Partnerschaftsangebot: Kostenloser Neoprenanzug (5\u20ac) gegen Vorlage des Stempels des Campingplatzes Les Ramiers. Denken Sie an eine Reservierung.<\/p>\n<\/div><\/div>\n\n\n\n<div class=\"wp-block-media-text alignwide has-media-on-the-right is-stacked-on-mobile is-image-fill\"><div class=\"wp-block-media-text__content\">\n<h3 class=\"wp-block-heading\"><strong>Scoot-Wave in Les Sables d&#8217;Olonne<\/strong><\/h3>\n\n\n\n<p>Auf der Suche nach Nervenkitzel, einzigartigen Erlebnissen, garantierten Emotionen und vor allem unvergesslichen Erinnerungen empfehlen wir Ihnen das SCOOT-WAVE in der Bucht von Les <a href=\"https:\/\/campinglesramiers.com\/de\/stadtseite\/les-sables-dolonne\/\" data-type=\"page\" data-id=\"22931\">Sables D&#8217;Olonne<\/a>.<\/p>\n\n\n\n<p>Verleih von Jet-Ski und gezogenen Bojen.<\/p>\n\n\n\n<p>Bei Vorlage des Stempels des Campingplatzes erhalten Sie einen Rabatt von 10\u20ac auf Jetski-Leistungen ab einer Stunde Mietdauer.<\/p>\n<\/div><figure class=\"wp-block-media-text__media\" style=\"background-image:url(https:\/\/campinglesramiers.com\/wp-content\/uploads\/2023\/07\/scoot-wave2.jpg);background-position:50% 50%\"><img loading=\"lazy\" decoding=\"async\" width=\"550\" height=\"412\" src=\"https:\/\/campinglesramiers.com\/wp-content\/uploads\/2023\/07\/scoot-wave2.jpg\" alt=\"\" class=\"wp-image-115 size-full\" srcset=\"https:\/\/campinglesramiers.com\/wp-content\/uploads\/2023\/07\/scoot-wave2.jpg 550w, https:\/\/campinglesramiers.com\/wp-content\/uploads\/2023\/07\/scoot-wave2-300x225.jpg 300w\" sizes=\"auto, (max-width: 550px) 100vw, 550px\" \/><\/figure><\/div>\n\n\n\n<div class=\"wp-block-media-text alignwide is-stacked-on-mobile is-image-fill\"><figure class=\"wp-block-media-text__media\" style=\"background-image:url(https:\/\/campinglesramiers.com\/wp-content\/uploads\/2023\/07\/P1020913-e1462785379291-1024x576.jpeg);background-position:50% 50%\"><img loading=\"lazy\" decoding=\"async\" width=\"1024\" height=\"576\" src=\"https:\/\/campinglesramiers.com\/wp-content\/uploads\/2023\/07\/P1020913-e1462785379291-1024x576.jpeg\" alt=\"\" class=\"wp-image-116 size-full\" srcset=\"https:\/\/campinglesramiers.com\/wp-content\/uploads\/2023\/07\/P1020913-e1462785379291-1024x576.jpeg 1024w, https:\/\/campinglesramiers.com\/wp-content\/uploads\/2023\/07\/P1020913-e1462785379291-300x169.jpeg 300w, https:\/\/campinglesramiers.com\/wp-content\/uploads\/2023\/07\/P1020913-e1462785379291-768x432.jpeg 768w, https:\/\/campinglesramiers.com\/wp-content\/uploads\/2023\/07\/P1020913-e1462785379291.jpeg 1300w\" sizes=\"auto, (max-width: 1024px) 100vw, 1024px\" \/><\/figure><div class=\"wp-block-media-text__content\">\n<p><\/p>\n\n\n\n<h3 class=\"wp-block-heading\"><strong>Kitesurfschule in der Vend\u00e9e<\/strong><\/h3>\n\n\n\n<p><strong>OCEAN PLAYER&#8217;S<\/strong>, eine mobile Kitesurfschule zwischen Les Sables d&#8217;Olonne und La Tra<a href=\"https:\/\/campinglesramiers.com\/?page_id=1385&amp;preview=true\"><\/a>nche sur Mer.<\/p>\n\n\n\n<p>Wir nutzen mehrere Orte zum \u00dcben: Longeville sur Mer, Talmont St Hilaire und Les Sables d&#8217;Olonne; mit Betreuung im offenen Wasser von einem Boot aus und im flachen Wasser vom Strand aus.<\/p>\n\n\n\n<p>Wir sind der F\u00e9d\u00e9ration Fran\u00e7aise de Vol Libre angeschlossen und mit der franz\u00f6sischen Kitesurfmarke F.one verbunden. Wir verwenden Material der neuesten Generation und bieten Ihnen verschiedene Halterungen an: Twin-tip, Strapless und Foil.<\/p>\n\n\n\n<p>Die Verwendung von verschiedenen Standorten, verschiedenen Betreuungstechniken und Funkger\u00e4ten f\u00fcr eine st\u00e4ndige Verbindung sowie kleine Gruppen (max. 4 Personen) garantieren Ihnen einen schnellen Lernerfolg unter optimalen Sicherheitsbedingungen.<\/p>\n\n\n\n<p>Was auch immer Ihr Projekt oder Ihr Niveau ist, wir hei\u00dfen Sie das ganze Jahr \u00fcber willkommen, um unsere Leidenschaft zu teilen.<\/p>\n<\/div><\/div>\n\n\n\n<div style=\"height:22px\" aria-hidden=\"true\" class=\"wp-block-spacer\"><\/div>\n\n\n\n<div class=\"wp-block-group alignfull has-background is-layout-constrained wp-container-core-group-is-layout-a666d811 wp-block-group-is-layout-constrained\" style=\"background-color:#30394526;padding-top:var(--wp--preset--spacing--40);padding-right:var(--wp--preset--spacing--40);padding-bottom:var(--wp--preset--spacing--40);padding-left:var(--wp--preset--spacing--40)\">\n<h2 class=\"wp-block-heading\">Str\u00e4nde nach Lust und Laune&#8230;<\/h2>\n\n\n\n<p>Longeville ist ein angenehmer Badeort mit einem sehr sch\u00f6nen, 7 km langen Sandstrand, der von einem der gr\u00f6\u00dften Staatsw\u00e4lder Frankreichs ges\u00e4umt wird. Familien werden beruhigt sein, denn dieser Ort wird \u00fcberwacht und erh\u00e4lt seit einigen Jahren die Blaue Flagge, die ein Symbol f\u00fcr die Umweltqualit\u00e4t des Wassers ist.<\/p>\n<\/div>\n\n\n\n<div style=\"height:22px\" aria-hidden=\"true\" class=\"wp-block-spacer\"><\/div>\n\n\n\n<div class=\"wp-block-media-text alignwide has-media-on-the-right is-stacked-on-mobile is-image-fill\"><div class=\"wp-block-media-text__content\">\n<div style=\"height:41px\" aria-hidden=\"true\" class=\"wp-block-spacer\"><\/div>\n\n\n\n<h3 class=\"wp-block-heading\"><strong>F\u00fcr einen Zugang f\u00fcr Menschen mit eingeschr\u00e4nkter Mobilit\u00e4t<\/strong><\/h3>\n\n\n\n<p>W\u00e4hlen Sie den Strand Petit Rocher. Sie werden einen leichten Zugang und allen Komfort bieten, den man f\u00fcr einen guten Tag braucht.  <\/p>\n\n\n\n<div style=\"height:41px\" aria-hidden=\"true\" class=\"wp-block-spacer\"><\/div>\n<\/div><figure class=\"wp-block-media-text__media\" style=\"background-image:url(https:\/\/campinglesramiers.com\/wp-content\/uploads\/2023\/09\/photo-aerienne-longeville-sur-mer-DSC_0962-Personnalise.jpg);background-position:50% 19%\"><img loading=\"lazy\" decoding=\"async\" width=\"700\" height=\"466\" src=\"https:\/\/campinglesramiers.com\/wp-content\/uploads\/2023\/09\/photo-aerienne-longeville-sur-mer-DSC_0962-Personnalise.jpg\" alt=\"\" class=\"wp-image-21724 size-full\" srcset=\"https:\/\/campinglesramiers.com\/wp-content\/uploads\/2023\/09\/photo-aerienne-longeville-sur-mer-DSC_0962-Personnalise.jpg 700w, https:\/\/campinglesramiers.com\/wp-content\/uploads\/2023\/09\/photo-aerienne-longeville-sur-mer-DSC_0962-Personnalise-300x200.jpg 300w\" sizes=\"auto, (max-width: 700px) 100vw, 700px\" \/><\/figure><\/div>\n\n\n\n<div class=\"wp-block-media-text alignwide is-stacked-on-mobile is-image-fill\"><figure class=\"wp-block-media-text__media\" style=\"background-image:url(https:\/\/campinglesramiers.com\/wp-content\/uploads\/2023\/09\/Longeville-sur-mer-plage-des-conches-bord-IMG_6641-Personnalise.jpg);background-position:50% 50%\"><img loading=\"lazy\" decoding=\"async\" width=\"800\" height=\"533\" src=\"https:\/\/campinglesramiers.com\/wp-content\/uploads\/2023\/09\/Longeville-sur-mer-plage-des-conches-bord-IMG_6641-Personnalise.jpg\" alt=\"\" class=\"wp-image-21720 size-full\" srcset=\"https:\/\/campinglesramiers.com\/wp-content\/uploads\/2023\/09\/Longeville-sur-mer-plage-des-conches-bord-IMG_6641-Personnalise.jpg 800w, https:\/\/campinglesramiers.com\/wp-content\/uploads\/2023\/09\/Longeville-sur-mer-plage-des-conches-bord-IMG_6641-Personnalise-300x200.jpg 300w, https:\/\/campinglesramiers.com\/wp-content\/uploads\/2023\/09\/Longeville-sur-mer-plage-des-conches-bord-IMG_6641-Personnalise-768x512.jpg 768w\" sizes=\"auto, (max-width: 800px) 100vw, 800px\" \/><\/figure><div class=\"wp-block-media-text__content\">\n<div style=\"height:44px\" aria-hidden=\"true\" class=\"wp-block-spacer\"><\/div>\n\n\n\n<h3 class=\"wp-block-heading\"><strong>F\u00fcr einen Tag zum Surfen<\/strong><\/h3>\n\n\n\n<p>Der Strand von Les Conches und der Bud Bud Spot sind perfekt f\u00fcr Sie, egal ob Sie Anf\u00e4nger oder Fortgeschrittener sind.  <\/p>\n\n\n\n<p>Sie k\u00f6nnen nach Belieben verschiedenen Aktivit\u00e4ten nachgehen: nat\u00fcrlich im Meer baden oder faulenzen, aber auch zu Fu\u00df angeln und zahlreiche Wassersportarten aus\u00fcben.<\/p>\n\n\n\n<div style=\"height:44px\" aria-hidden=\"true\" class=\"wp-block-spacer\"><\/div>\n<\/div><\/div>\n\n\n\n<div class=\"wp-block-media-text alignwide has-media-on-the-right is-stacked-on-mobile is-image-fill\"><div class=\"wp-block-media-text__content\">\n<div style=\"height:44px\" aria-hidden=\"true\" class=\"wp-block-spacer\"><\/div>\n\n\n\n<h3 class=\"wp-block-heading\"><strong>F\u00fcr eine 100% nat\u00fcrliche Seite<\/strong><\/h3>\n\n\n\n<p>Der Strand La casse \u00e0 La Reine erwartet Sie, hier wird FKK toleriert.  <\/p>\n\n\n\n<div style=\"height:44px\" aria-hidden=\"true\" class=\"wp-block-spacer\"><\/div>\n<\/div><figure class=\"wp-block-media-text__media\" style=\"background-image:url(https:\/\/campinglesramiers.com\/wp-content\/uploads\/2023\/09\/longeville-sur-mer-plagedurocher-vue-des-dunes-IMG_6510-Personnalise.jpg);background-position:50% 50%\"><img loading=\"lazy\" decoding=\"async\" width=\"800\" height=\"533\" src=\"https:\/\/campinglesramiers.com\/wp-content\/uploads\/2023\/09\/longeville-sur-mer-plagedurocher-vue-des-dunes-IMG_6510-Personnalise.jpg\" alt=\"\" class=\"wp-image-21722 size-full\" srcset=\"https:\/\/campinglesramiers.com\/wp-content\/uploads\/2023\/09\/longeville-sur-mer-plagedurocher-vue-des-dunes-IMG_6510-Personnalise.jpg 800w, https:\/\/campinglesramiers.com\/wp-content\/uploads\/2023\/09\/longeville-sur-mer-plagedurocher-vue-des-dunes-IMG_6510-Personnalise-300x200.jpg 300w, https:\/\/campinglesramiers.com\/wp-content\/uploads\/2023\/09\/longeville-sur-mer-plagedurocher-vue-des-dunes-IMG_6510-Personnalise-768x512.jpg 768w\" sizes=\"auto, (max-width: 800px) 100vw, 800px\" \/><\/figure><\/div>\n\n\n<div class=\"wp-block-sev-diaporama alignfull\">\t\t\t<div id=\"sevgallery-2070448201\" class=\"sev-diaporama sev-diaporama-portfolio\">\r\n\t\t\t<div class=\"row\">\r\n\r\n\t\t\t\r\n\t\t\t\t\r\n\t\t\t\t<div class=\"sev-diaporama-portfolio-item col-12 col-sm  col-shrink\">\r\n\r\n\t\t\t\t\t\t\t\t\t\t<a href=\"https:\/\/campinglesramiers.com\/wp-content\/uploads\/2023\/07\/IMG_0969-Personnalise.jpg\" data-lightbox=\"sevgallery-2070448201\" style=\"background-image: url(https:\/\/campinglesramiers.com\/wp-content\/uploads\/2023\/07\/IMG_0969-Personnalise.jpg)\">\r\n\t\t\t\t\t\t\t\t\t\t\t<img decoding=\"async\" src=\"https:\/\/campinglesramiers.com\/wp-content\/uploads\/2023\/07\/IMG_0969-Personnalise.jpg\" alt=\"plage longeville sur mer en vend\u00e9e\" loading=\"lazy\">\r\n\t\t\t\t\t\t\t\t\t\t<\/a>\r\n\t\t\t\t\t\t\t\t\t<\/div>\r\n\r\n\t\t\t\t\r\n\t\t\t\t\t\t\t\t\t\t\t\r\n\t\t\t\t\r\n\t\t\t\t<div class=\"sev-diaporama-portfolio-item col-12 col-sm  col-shrink\">\r\n\r\n\t\t\t\t\t\t\t\t\t\t<a href=\"https:\/\/campinglesramiers.com\/wp-content\/uploads\/2023\/07\/IMG_20230516_111600-Personnalise.jpg\" data-lightbox=\"sevgallery-2070448201\" style=\"background-image: url(https:\/\/campinglesramiers.com\/wp-content\/uploads\/2023\/07\/IMG_20230516_111600-Personnalise.jpg)\">\r\n\t\t\t\t\t\t\t\t\t\t\t<img decoding=\"async\" src=\"https:\/\/campinglesramiers.com\/wp-content\/uploads\/2023\/07\/IMG_20230516_111600-Personnalise.jpg\" alt=\"plage longeville sur mer proche du camping\" loading=\"lazy\">\r\n\t\t\t\t\t\t\t\t\t\t<\/a>\r\n\t\t\t\t\t\t\t\t\t<\/div>\r\n\r\n\t\t\t\t\r\n\t\t\t\t\t\t\t\t\t\t\t\r\n\t\t\t\t\r\n\t\t\t\t<div class=\"sev-diaporama-portfolio-item col-12 col-sm \">\r\n\r\n\t\t\t\t\t\t\t\t\t\t<a href=\"https:\/\/campinglesramiers.com\/wp-content\/uploads\/2023\/07\/coucherdesoleil-Personnalise.jpg\" data-lightbox=\"sevgallery-2070448201\" style=\"background-image: url(https:\/\/campinglesramiers.com\/wp-content\/uploads\/2023\/07\/coucherdesoleil-Personnalise.jpg)\">\r\n\t\t\t\t\t\t\t\t\t\t\t<img decoding=\"async\" src=\"https:\/\/campinglesramiers.com\/wp-content\/uploads\/2023\/07\/coucherdesoleil-Personnalise.jpg\" alt=\"plage de vend\u00e9e\" loading=\"lazy\">\r\n\t\t\t\t\t\t\t\t\t\t<\/a>\r\n\t\t\t\t\t\t\t\t\t<\/div>\r\n\r\n\t\t\t\t\t\t\t\t\t<div class=\"w-100\"><\/div>\r\n\t\t\t\t\t\t\t\t\t\r\n\t\t\t\t\t\t\t\t\t\t\t\r\n\t\t\t\t\r\n\t\t\t\t<div class=\"sev-diaporama-portfolio-item col-12 col-sm  col-shrink\">\r\n\r\n\t\t\t\t\t\t\t\t\t\t<a href=\"https:\/\/campinglesramiers.com\/wp-content\/uploads\/2023\/07\/IMG_20230516_111413-Personnalise.jpg\" data-lightbox=\"sevgallery-2070448201\" style=\"background-image: url(https:\/\/campinglesramiers.com\/wp-content\/uploads\/2023\/07\/IMG_20230516_111413-Personnalise.jpg)\">\r\n\t\t\t\t\t\t\t\t\t\t\t<img decoding=\"async\" src=\"https:\/\/campinglesramiers.com\/wp-content\/uploads\/2023\/07\/IMG_20230516_111413-Personnalise.jpg\" alt=\"plage proche du camping les ramiers en vend\u00e9e\" loading=\"lazy\">\r\n\t\t\t\t\t\t\t\t\t\t<\/a>\r\n\t\t\t\t\t\t\t\t\t<\/div>\r\n\r\n\t\t\t\t\r\n\t\t\t\t\t\t\t\t\t\t\t\r\n\t\t\t\t\r\n\t\t\t\t<div class=\"sev-diaporama-portfolio-item col-12 col-sm  col-grow\">\r\n\r\n\t\t\t\t\t\t\t\t\t\t<a href=\"https:\/\/campinglesramiers.com\/wp-content\/uploads\/2023\/07\/lebouil-1-Personnalise.jpg\" data-lightbox=\"sevgallery-2070448201\" style=\"background-image: url(https:\/\/campinglesramiers.com\/wp-content\/uploads\/2023\/07\/lebouil-1-Personnalise.jpg)\">\r\n\t\t\t\t\t\t\t\t\t\t\t<img decoding=\"async\" src=\"https:\/\/campinglesramiers.com\/wp-content\/uploads\/2023\/07\/lebouil-1-Personnalise.jpg\" alt=\"plage c\u00f4te atlantique\" loading=\"lazy\">\r\n\t\t\t\t\t\t\t\t\t\t<\/a>\r\n\t\t\t\t\t\t\t\t\t<\/div>\r\n\r\n\t\t\t\t\r\n\t\t\t\t\t\t\t\t\t\t\t\r\n\t\t\t\t\r\n\t\t\t\t<div class=\"sev-diaporama-portfolio-item col-12 col-sm  col-grow\">\r\n\r\n\t\t\t\t\t\t\t\t\t\t<a href=\"https:\/\/campinglesramiers.com\/wp-content\/uploads\/2023\/07\/IMG_20230516_111449-Personnalise.jpg\" data-lightbox=\"sevgallery-2070448201\" style=\"background-image: url(https:\/\/campinglesramiers.com\/wp-content\/uploads\/2023\/07\/IMG_20230516_111449-Personnalise.jpg)\">\r\n\t\t\t\t\t\t\t\t\t\t\t<img decoding=\"async\" src=\"https:\/\/campinglesramiers.com\/wp-content\/uploads\/2023\/07\/IMG_20230516_111449-Personnalise.jpg\" alt=\"plage des conches proche du camping\" loading=\"lazy\">\r\n\t\t\t\t\t\t\t\t\t\t<\/a>\r\n\t\t\t\t\t\t\t\t\t<\/div>\r\n\r\n\t\t\t\t\t\t\t\t\t<div class=\"w-100\"><\/div>\r\n\t\t\t\t\t\t\t\t\t\r\n\t\t\t\t\t\t\t\t\t\t\t\r\n\t\t\t\t\r\n\t\t\t\t<div class=\"sev-diaporama-portfolio-item col-12 col-sm  col-grow\">\r\n\r\n\t\t\t\t\t\t\t\t\t\t<a href=\"https:\/\/campinglesramiers.com\/wp-content\/uploads\/2023\/07\/IMG_0968-Personnalise.jpg\" data-lightbox=\"sevgallery-2070448201\" style=\"background-image: url(https:\/\/campinglesramiers.com\/wp-content\/uploads\/2023\/07\/IMG_0968-Personnalise.jpg)\">\r\n\t\t\t\t\t\t\t\t\t\t\t<img decoding=\"async\" src=\"https:\/\/campinglesramiers.com\/wp-content\/uploads\/2023\/07\/IMG_0968-Personnalise.jpg\" alt=\"plage de vend\u00e9e\" loading=\"lazy\">\r\n\t\t\t\t\t\t\t\t\t\t<\/a>\r\n\t\t\t\t\t\t\t\t\t<\/div>\r\n\r\n\t\t\t\t\r\n\t\t\t\t\t\t\t\t\t\t\t\r\n\t\t\t\t\r\n\t\t\t\t<div class=\"sev-diaporama-portfolio-item col-12 col-sm \">\r\n\r\n\t\t\t\t\t\t\t\t\t\t<a href=\"https:\/\/campinglesramiers.com\/wp-content\/uploads\/2023\/07\/IMG_3493-Personnalise.jpg\" data-lightbox=\"sevgallery-2070448201\" style=\"background-image: url(https:\/\/campinglesramiers.com\/wp-content\/uploads\/2023\/07\/IMG_3493-Personnalise.jpg)\">\r\n\t\t\t\t\t\t\t\t\t\t\t<img decoding=\"async\" src=\"https:\/\/campinglesramiers.com\/wp-content\/uploads\/2023\/07\/IMG_3493-Personnalise.jpg\" alt=\"surf spot en vend\u00e9e\" loading=\"lazy\">\r\n\t\t\t\t\t\t\t\t\t\t<\/a>\r\n\t\t\t\t\t\t\t\t\t<\/div>\r\n\r\n\t\t\t\t\r\n\t\t\t\t\t\t\t\t\t\t\t\r\n\t\t\t\t\r\n\t\t\t\t<div class=\"sev-diaporama-portfolio-item col-12 col-sm \">\r\n\r\n\t\t\t\t\t\t\t\t\t\t<a href=\"https:\/\/campinglesramiers.com\/wp-content\/uploads\/2023\/07\/WP_20140831_001-Personnalise.jpg\" data-lightbox=\"sevgallery-2070448201\" style=\"background-image: url(https:\/\/campinglesramiers.com\/wp-content\/uploads\/2023\/07\/WP_20140831_001-Personnalise.jpg)\">\r\n\t\t\t\t\t\t\t\t\t\t\t<img decoding=\"async\" src=\"https:\/\/campinglesramiers.com\/wp-content\/uploads\/2023\/07\/WP_20140831_001-Personnalise.jpg\" alt=\"plage cote vend\u00e9enne\" loading=\"lazy\">\r\n\t\t\t\t\t\t\t\t\t\t<\/a>\r\n\t\t\t\t\t\t\t\t\t<\/div>\r\n\r\n\t\t\t\t\t\t\t\t\t<div class=\"w-100\"><\/div>\r\n\t\t\t\t\t\t\t\t\t\r\n\t\t\t\t\t\t\t\t\t\t\t\t\t\t<\/div>\r\n\t\t\t<\/div>\r\n\r\n\t\t\t<script>\r\n\t\t\tjQuery(function($) {\r\n\r\n\t\t\t\tvar marginPortfolio = function() {\r\n\r\n\t\t\t\t\tvar $diapo          = $('#sevgallery-2070448201');\r\n\t\t\t\t\tvar container_width = $diapo.parent().outerWidth();\r\n\t\t\t\t\tvar side            = ( $(window).innerWidth() - container_width ) \/ 2;\r\n\r\n\t\t\t\t\t$diapo.css( {\r\n\t\t\t\t\t\t'margin-left': '-' + side + 'px',\r\n\t\t\t\t\t\t'margin-right': '-' + side + 'px',\r\n\t\t\t\t\t} );\r\n\t\t\t\t};\r\n\r\n\t\t\t\t$( window ).resize( function() {\r\n\t\t\t\t\tmarginPortfolio();\r\n\t\t\t\t} );\r\n\t\t\t\tmarginPortfolio();\r\n\t\t\t});\r\n\t\t\t<\/script>\r\n\t\t\t<\/div>","protected":false},"excerpt":{"rendered":"<p>Wassersportliche Aktivit\u00e4ten Scoot-Wave in Les Sables d&#8217;Olonne Auf der Suche nach Nervenkitzel, einzigartigen Erlebnissen, garantierten Emotionen und vor allem unvergesslichen Erinnerungen empfehlen wir Ihnen das SCOOT-WAVE in der Bucht von Les Sables D&#8217;Olonne. Verleih von Jet-Ski und gezogenen Bojen. Bei Vorlage des Stempels des Campingplatzes erhalten Sie einen Rabatt von 10\u20ac auf Jetski-Leistungen ab einer [&hellip;]<\/p>\n","protected":false},"author":1,"featured_media":0,"parent":22949,"menu_order":1,"comment_status":"closed","ping_status":"closed","template":"","meta":{"_seopress_robots_primary_cat":"","_seopress_titles_title":"Organisieren Sie Ihre Strandausfl\u00fcge oder Wassersportaktivit\u00e4ten","_seopress_titles_desc":"Entscheiden Sie sich f\u00fcr einen Strandtag oder Wassersportaktivit\u00e4ten w\u00e4hrend Ihres Aufenthalts auf dem Campingplatz Les Ramiers.","_seopress_robots_index":"","footnotes":""},"class_list":["post-22869","page","type-page","status-publish","hentry"],"_links":{"self":[{"href":"https:\/\/campinglesramiers.com\/de\/wp-json\/wp\/v2\/pages\/22869","targetHints":{"allow":["GET"]}}],"collection":[{"href":"https:\/\/campinglesramiers.com\/de\/wp-json\/wp\/v2\/pages"}],"about":[{"href":"https:\/\/campinglesramiers.com\/de\/wp-json\/wp\/v2\/types\/page"}],"author":[{"embeddable":true,"href":"https:\/\/campinglesramiers.com\/de\/wp-json\/wp\/v2\/users\/1"}],"replies":[{"embeddable":true,"href":"https:\/\/campinglesramiers.com\/de\/wp-json\/wp\/v2\/comments?post=22869"}],"version-history":[{"count":1,"href":"https:\/\/campinglesramiers.com\/de\/wp-json\/wp\/v2\/pages\/22869\/revisions"}],"predecessor-version":[{"id":23156,"href":"https:\/\/campinglesramiers.com\/de\/wp-json\/wp\/v2\/pages\/22869\/revisions\/23156"}],"up":[{"embeddable":true,"href":"https:\/\/campinglesramiers.com\/de\/wp-json\/wp\/v2\/pages\/22949"}],"wp:attachment":[{"href":"https:\/\/campinglesramiers.com\/de\/wp-json\/wp\/v2\/media?parent=22869"}],"curies":[{"name":"wp","href":"https:\/\/api.w.org\/{rel}","templated":true}]}}