{"id":22946,"date":"2023-07-12T14:58:09","date_gmt":"2023-07-12T12:58:09","guid":{"rendered":"https:\/\/campinglesramiers.com\/geisteshaltung-auf-dem-campingplatz\/"},"modified":"2023-10-25T16:26:12","modified_gmt":"2023-10-25T14:26:12","slug":"geisteshaltung-auf-dem-campingplatz","status":"publish","type":"page","link":"https:\/\/campinglesramiers.com\/de\/geisteshaltung-auf-dem-campingplatz\/","title":{"rendered":"Geisteshaltung auf dem Campingplatz"},"content":{"rendered":"\n<div class=\"wp-block-columns is-layout-flex wp-container-core-columns-is-layout-28f84493 wp-block-columns-is-layout-flex\">\n<div class=\"wp-block-column is-vertically-aligned-center is-layout-flow wp-block-column-is-layout-flow\">\n<p>Der 2-Sterne-Campingplatz Les Ramiers empf\u00e4ngt Sie in Les Conches zwischen Longeville Sur Mer und <a href=\"https:\/\/campinglesramiers.com\/de\/la-tranche-sur-mer\/\" data-type=\"page\" data-id=\"22888\">La Tranche Sur<\/a> Mer, in einer gr\u00fcnen und ruhigen Umgebung.<\/p>\n\n\n\n<p>Seine privilegierte Lage 1500 m von einem feinen Sandstrand entfernt, der sich \u00fcber 7 km erstreckt, am Rande eines&nbsp; Pinien- und Steineichenwaldes und am Rande von Sumpfgebieten verleiht ihm einen au\u00dfergew\u00f6hnlichen Rahmen.<\/p>\n\n\n\n<p>Der Campingplatz wurde&nbsp;2011 von der Zeitung O.T. mit dem Diplom f\u00fcr ruhige Campingpl\u00e4tze ausgezeichnet.<\/p>\n\n\n\n<p>Der Campingplatz ist seit seiner Gr\u00fcndung im Jahr 1976 (Camping \u00e0 la ferme) und w\u00e4hrend&nbsp; 3 Generationen in der gleichen Familie geblieben.<\/p>\n<\/div>\n\n\n\n<div class=\"wp-block-column is-layout-flow wp-block-column-is-layout-flow\">\n<figure class=\"wp-block-image aligncenter size-full is-resized\"><img loading=\"lazy\" decoding=\"async\" width=\"1000\" height=\"750\" src=\"https:\/\/campinglesramiers.com\/wp-content\/uploads\/2023\/07\/wifi.jpg\" alt=\"camping les ramiers in longeville sur mer\" class=\"wp-image-37\" style=\"width:404px;height:303px\" srcset=\"https:\/\/campinglesramiers.com\/wp-content\/uploads\/2023\/07\/wifi.jpg 1000w, https:\/\/campinglesramiers.com\/wp-content\/uploads\/2023\/07\/wifi-300x225.jpg 300w, https:\/\/campinglesramiers.com\/wp-content\/uploads\/2023\/07\/wifi-768x576.jpg 768w\" sizes=\"auto, (max-width: 1000px) 100vw, 1000px\" \/><\/figure>\n<\/div>\n<\/div>\n\n\n\n<div class=\"wp-block-columns is-layout-flex wp-container-core-columns-is-layout-28f84493 wp-block-columns-is-layout-flex\">\n<div class=\"wp-block-column is-layout-flow wp-block-column-is-layout-flow\" style=\"flex-basis:100%\">\n<div class=\"wp-block-columns is-layout-flex wp-container-core-columns-is-layout-28f84493 wp-block-columns-is-layout-flex\">\n<div class=\"wp-block-column is-layout-flow wp-block-column-is-layout-flow\" style=\"flex-basis:33.33%\">\n<figure class=\"wp-block-image aligncenter size-full is-resized\"><img loading=\"lazy\" decoding=\"async\" width=\"400\" height=\"400\" src=\"https:\/\/campinglesramiers.com\/wp-content\/uploads\/2023\/07\/zoover.png\" alt=\"Meinung zoover\" class=\"wp-image-295\" style=\"width:100px;height:100px\" srcset=\"https:\/\/campinglesramiers.com\/wp-content\/uploads\/2023\/07\/zoover.png 400w, https:\/\/campinglesramiers.com\/wp-content\/uploads\/2023\/07\/zoover-300x300.png 300w, https:\/\/campinglesramiers.com\/wp-content\/uploads\/2023\/07\/zoover-150x150.png 150w\" sizes=\"auto, (max-width: 400px) 100vw, 400px\" \/><\/figure>\n<\/div>\n\n\n\n<div class=\"wp-block-column is-layout-flow wp-block-column-is-layout-flow\" style=\"flex-basis:66.66%\">\n<p>Au\u00dferdem haben wir den Zoover Recommended 2014 und den Zoover Aword 2015, die Zoover Orange Awards 2016, die Camping2BE Awards 2017, 2018,2019,2020,2021,2022,2023 erhalten.<\/p>\n\n\n\n<p><strong>Zertifikat f\u00fcr Exzellenz 2018 CaraMaps<\/strong><br><strong>Zertifikat f\u00fcr Exzellenz 2018 Tripadvisor.<\/strong><\/p>\n<\/div>\n<\/div>\n<\/div>\n<\/div>\n\n\n<div class=\"wp-block-sev-diaporama alignfull\">\t\t\t<div id=\"sevgallery-1876135953\" class=\"sev-diaporama sev-diaporama-portfolio\">\r\n\t\t\t<div class=\"row\">\r\n\r\n\t\t\t\r\n\t\t\t\t\r\n\t\t\t\t<div class=\"sev-diaporama-portfolio-item col-12 col-sm  col-grow\">\r\n\r\n\t\t\t\t\t\t\t\t\t\t<a href=\"https:\/\/campinglesramiers.com\/wp-content\/uploads\/2023\/08\/ALLEE-5-Personnalise.jpg\" data-lightbox=\"sevgallery-1876135953\" style=\"background-image: url(https:\/\/campinglesramiers.com\/wp-content\/uploads\/2023\/08\/ALLEE-5-Personnalise.jpg)\">\r\n\t\t\t\t\t\t\t\t\t\t\t<img decoding=\"async\" src=\"https:\/\/campinglesramiers.com\/wp-content\/uploads\/2023\/08\/ALLEE-5-Personnalise.jpg\" alt=\"Snack bar et entr\u00e9e du camping verdoyant les ramiers proche la tranche sur mer\" loading=\"lazy\">\r\n\t\t\t\t\t\t\t\t\t\t<\/a>\r\n\t\t\t\t\t\t\t\t\t<\/div>\r\n\r\n\t\t\t\t\r\n\t\t\t\t\t\t\t\t\t\t\t\r\n\t\t\t\t\r\n\t\t\t\t<div class=\"sev-diaporama-portfolio-item col-12 col-sm \">\r\n\r\n\t\t\t\t\t\t\t\t\t\t<a href=\"https:\/\/campinglesramiers.com\/wp-content\/uploads\/2023\/08\/RECEPTION-Personnalise.jpg\" data-lightbox=\"sevgallery-1876135953\" style=\"background-image: url(https:\/\/campinglesramiers.com\/wp-content\/uploads\/2023\/08\/RECEPTION-Personnalise.jpg)\">\r\n\t\t\t\t\t\t\t\t\t\t\t<img decoding=\"async\" src=\"https:\/\/campinglesramiers.com\/wp-content\/uploads\/2023\/08\/RECEPTION-Personnalise.jpg\" alt=\"r\u00e9ception camping les ramiers\" loading=\"lazy\">\r\n\t\t\t\t\t\t\t\t\t\t<\/a>\r\n\t\t\t\t\t\t\t\t\t<\/div>\r\n\r\n\t\t\t\t\r\n\t\t\t\t\t\t\t\t\t\t\t\r\n\t\t\t\t\r\n\t\t\t\t<div class=\"sev-diaporama-portfolio-item col-12 col-sm \">\r\n\r\n\t\t\t\t\t\t\t\t\t\t<a href=\"https:\/\/campinglesramiers.com\/wp-content\/uploads\/2023\/07\/MH-PMR-15-Personnalise-1.jpg\" data-lightbox=\"sevgallery-1876135953\" style=\"background-image: url(https:\/\/campinglesramiers.com\/wp-content\/uploads\/2023\/07\/MH-PMR-15-Personnalise-1.jpg)\">\r\n\t\t\t\t\t\t\t\t\t\t\t<img decoding=\"async\" src=\"https:\/\/campinglesramiers.com\/wp-content\/uploads\/2023\/07\/MH-PMR-15-Personnalise-1.jpg\" alt=\"\" loading=\"lazy\">\r\n\t\t\t\t\t\t\t\t\t\t<\/a>\r\n\t\t\t\t\t\t\t\t\t<\/div>\r\n\r\n\t\t\t\t\t\t\t\t\t<div class=\"w-100\"><\/div>\r\n\t\t\t\t\t\t\t\t\t\r\n\t\t\t\t\t\t\t\t\t\t\t\r\n\t\t\t\t\r\n\t\t\t\t<div class=\"sev-diaporama-portfolio-item col-12 col-sm  col-grow\">\r\n\r\n\t\t\t\t\t\t\t\t\t\t<a href=\"https:\/\/campinglesramiers.com\/wp-content\/uploads\/2023\/08\/20220701_124749-rotated-1.jpg\" data-lightbox=\"sevgallery-1876135953\" style=\"background-image: url(https:\/\/campinglesramiers.com\/wp-content\/uploads\/2023\/08\/20220701_124749-rotated-1.jpg)\">\r\n\t\t\t\t\t\t\t\t\t\t\t<img decoding=\"async\" src=\"https:\/\/campinglesramiers.com\/wp-content\/uploads\/2023\/08\/20220701_124749-rotated-1.jpg\" alt=\"snack bar camping les ramiers\" loading=\"lazy\">\r\n\t\t\t\t\t\t\t\t\t\t<\/a>\r\n\t\t\t\t\t\t\t\t\t<\/div>\r\n\r\n\t\t\t\t\r\n\t\t\t\t\t\t\t\t\t\t\t\r\n\t\t\t\t\r\n\t\t\t\t<div class=\"sev-diaporama-portfolio-item col-12 col-sm \">\r\n\r\n\t\t\t\t\t\t\t\t\t\t<a href=\"https:\/\/campinglesramiers.com\/wp-content\/uploads\/2023\/07\/SNACK-Personnalise.jpg\" data-lightbox=\"sevgallery-1876135953\" style=\"background-image: url(https:\/\/campinglesramiers.com\/wp-content\/uploads\/2023\/07\/SNACK-Personnalise.jpg)\">\r\n\t\t\t\t\t\t\t\t\t\t\t<img decoding=\"async\" src=\"https:\/\/campinglesramiers.com\/wp-content\/uploads\/2023\/07\/SNACK-Personnalise.jpg\" alt=\"snack du camping\" loading=\"lazy\">\r\n\t\t\t\t\t\t\t\t\t\t<\/a>\r\n\t\t\t\t\t\t\t\t\t<\/div>\r\n\r\n\t\t\t\t\r\n\t\t\t\t\t\t\t\t\t\t\t\t\t\t<\/div>\r\n\t\t\t<\/div>\r\n\r\n\t\t\t<script>\r\n\t\t\tjQuery(function($) {\r\n\r\n\t\t\t\tvar marginPortfolio = function() {\r\n\r\n\t\t\t\t\tvar $diapo          = $('#sevgallery-1876135953');\r\n\t\t\t\t\tvar container_width = $diapo.parent().outerWidth();\r\n\t\t\t\t\tvar side            = ( $(window).innerWidth() - container_width ) \/ 2;\r\n\r\n\t\t\t\t\t$diapo.css( {\r\n\t\t\t\t\t\t'margin-left': '-' + side + 'px',\r\n\t\t\t\t\t\t'margin-right': '-' + side + 'px',\r\n\t\t\t\t\t} );\r\n\t\t\t\t};\r\n\r\n\t\t\t\t$( window ).resize( function() {\r\n\t\t\t\t\tmarginPortfolio();\r\n\t\t\t\t} );\r\n\t\t\t\tmarginPortfolio();\r\n\t\t\t});\r\n\t\t\t<\/script>\r\n\t\t\t<\/div>","protected":false},"excerpt":{"rendered":"<p>Der 2-Sterne-Campingplatz Les Ramiers empf\u00e4ngt Sie in Les Conches zwischen Longeville Sur Mer und La Tranche Sur Mer, in einer gr\u00fcnen und ruhigen Umgebung. Seine privilegierte Lage 1500 m von einem feinen Sandstrand entfernt, der sich \u00fcber 7 km erstreckt, am Rande eines&nbsp; Pinien- und Steineichenwaldes und am Rande von Sumpfgebieten verleiht ihm einen au\u00dfergew\u00f6hnlichen [&hellip;]<\/p>\n","protected":false},"author":1,"featured_media":0,"parent":0,"menu_order":0,"comment_status":"closed","ping_status":"closed","template":"","meta":{"_seopress_robots_primary_cat":"","_seopress_titles_title":"Der gesellige und gr\u00fcne Campingplatz Les Ramiers empf\u00e4ngt Sie","_seopress_titles_desc":"Den ganzen Sommer \u00fcber k\u00f6nnen Sie sich auf dem Campingplatz Les Ramiers aufhalten und einen sch\u00f6nen Urlaub mit der Familie, mit Freunden, ...","_seopress_robots_index":"","footnotes":""},"class_list":["post-22946","page","type-page","status-publish","hentry"],"_links":{"self":[{"href":"https:\/\/campinglesramiers.com\/de\/wp-json\/wp\/v2\/pages\/22946","targetHints":{"allow":["GET"]}}],"collection":[{"href":"https:\/\/campinglesramiers.com\/de\/wp-json\/wp\/v2\/pages"}],"about":[{"href":"https:\/\/campinglesramiers.com\/de\/wp-json\/wp\/v2\/types\/page"}],"author":[{"embeddable":true,"href":"https:\/\/campinglesramiers.com\/de\/wp-json\/wp\/v2\/users\/1"}],"replies":[{"embeddable":true,"href":"https:\/\/campinglesramiers.com\/de\/wp-json\/wp\/v2\/comments?post=22946"}],"version-history":[{"count":1,"href":"https:\/\/campinglesramiers.com\/de\/wp-json\/wp\/v2\/pages\/22946\/revisions"}],"predecessor-version":[{"id":23110,"href":"https:\/\/campinglesramiers.com\/de\/wp-json\/wp\/v2\/pages\/22946\/revisions\/23110"}],"wp:attachment":[{"href":"https:\/\/campinglesramiers.com\/de\/wp-json\/wp\/v2\/media?parent=22946"}],"curies":[{"name":"wp","href":"https:\/\/api.w.org\/{rel}","templated":true}]}}