{"id":22636,"date":"2023-07-17T16:53:00","date_gmt":"2023-07-17T14:53:00","guid":{"rendered":"https:\/\/campinglesramiers.com\/nature\/cycling-and-hiking-trails\/"},"modified":"2023-10-25T12:19:44","modified_gmt":"2023-10-25T10:19:44","slug":"cycling-and-hiking-trails","status":"publish","type":"page","link":"https:\/\/campinglesramiers.com\/en\/nature\/cycling-and-hiking-trails\/","title":{"rendered":"Cycling and hiking trails"},"content":{"rendered":"\n<h2 class=\"wp-block-heading\">all cycling and hiking trails in Vend\u00e9e<\/h2>\n\n\n\n<p>For cycling and hiking enthusiasts, Les Ramiers campsite offers a relaxing stopover on the cycle path. Just 200m from the campsite, cycle paths lead to Les Sables d&#8217;Olonne and <a href=\"https:\/\/campinglesramiers.com\/en\/city-side\/la-rochelle\/\" data-type=\"page\" data-id=\"22649\">La Rochelle<\/a>.<\/p>\n\n\n\n<div class=\"wp-block-columns is-layout-flex wp-container-core-columns-is-layout-28f84493 wp-block-columns-is-layout-flex\">\n<div class=\"wp-block-column is-layout-flow wp-block-column-is-layout-flow\" style=\"flex-basis:20%\">\n<figure class=\"wp-block-image size-full\"><img loading=\"lazy\" decoding=\"async\" width=\"1000\" height=\"667\" src=\"https:\/\/campinglesramiers.com\/wp-content\/uploads\/2023\/07\/Copyright_A.Lamoureux_Vendee_Expansion_Velo_La_Tranche_Sur_Mer_10.jpg\" alt=\"bike ride in vend\u00e9e\" class=\"wp-image-79\" srcset=\"https:\/\/campinglesramiers.com\/wp-content\/uploads\/2023\/07\/Copyright_A.Lamoureux_Vendee_Expansion_Velo_La_Tranche_Sur_Mer_10.jpg 1000w, https:\/\/campinglesramiers.com\/wp-content\/uploads\/2023\/07\/Copyright_A.Lamoureux_Vendee_Expansion_Velo_La_Tranche_Sur_Mer_10-300x200.jpg 300w, https:\/\/campinglesramiers.com\/wp-content\/uploads\/2023\/07\/Copyright_A.Lamoureux_Vendee_Expansion_Velo_La_Tranche_Sur_Mer_10-768x512.jpg 768w\" sizes=\"auto, (max-width: 1000px) 100vw, 1000px\" \/><\/figure>\n<\/div>\n\n\n\n<div class=\"wp-block-column is-layout-flow wp-block-column-is-layout-flow\" style=\"flex-basis:80%\">\n<p>The campsite is ideally located on the V\u00e9lodyss\u00e9e route (200m). La V\u00e9lodyss\u00e9e is over 1,200km of cycling along the Atlantic coast.&nbsp;<a href=\"http:\/\/www.lavelodyssee.com\/\" target=\"_blank\" rel=\"noreferrer noopener\">http:\/\/www.lavelodyssee.com\/<\/a><\/p>\n\n\n\n<p>You can also discover the cycle paths along the Vend\u00e9e coast at:&nbsp;<a rel=\"noreferrer noopener\" href=\"http:\/\/vendeevelo.vendee.fr\/Les-differentes-pistes\/Littoral\" target=\"_blank\">http:\/\/vendeevelo.vendee.fr<\/a>&nbsp;or&nbsp;<a href=\"http:\/\/vendeevelo.vendee-tourisme.com\/itineraires\/\" target=\"_blank\" rel=\"noreferrer noopener\">http:\/\/vendeevelo.vendee-tourisme.com\/itineraires\/<\/a><\/p>\n<\/div>\n<\/div>\n\n\n\n<p>Download the <a rel=\"noreferrer noopener\" href=\"https:\/\/campinglesramiers.com\/wp-content\/uploads\/2015\/11\/pistecyclable-longeville-latranche1.pdf\" target=\"_blank\">circuit Longeville\/mer &#8211; La Terri\u00e8re (La Tranche\/mer)<\/a><\/p>\n\n\n\n<p>Vend\u00e9e Cycle offers little queens for all ages, with the possibility of delivery and pick-up at the campsite.<br>Website: www.vendee-cycles.com&nbsp;<\/p>\n\n\n\n<p><strong>As we have the &#8220;Accueil V\u00e9lo&#8221; label, here are&nbsp; the rates<\/strong>: for 1 person: 12\u20ac&nbsp; and 2 people: 15\u20ac + tourist tax of 0.22\u20ac per day per person over 18.<\/p>\n\n\n<div class=\"wp-block-sev-diaporama alignfull\">\t\t\t<div id=\"sevgallery-2508839442\" class=\"sev-diaporama sev-diaporama-portfolio\">\r\n\t\t\t<div class=\"row\">\r\n\r\n\t\t\t\r\n\t\t\t\t\r\n\t\t\t\t<div class=\"sev-diaporama-portfolio-item col-12 col-sm  col-grow\">\r\n\r\n\t\t\t\t\t\t\t\t\t\t<a href=\"https:\/\/campinglesramiers.com\/wp-content\/uploads\/2023\/07\/velo-vendee-pistes-cyclables-IMG_8243-Personnalise.jpg\" data-lightbox=\"sevgallery-2508839442\" style=\"background-image: url(https:\/\/campinglesramiers.com\/wp-content\/uploads\/2023\/07\/velo-vendee-pistes-cyclables-IMG_8243-Personnalise.jpg)\">\r\n\t\t\t\t\t\t\t\t\t\t\t<img decoding=\"async\" src=\"https:\/\/campinglesramiers.com\/wp-content\/uploads\/2023\/07\/velo-vendee-pistes-cyclables-IMG_8243-Personnalise.jpg\" alt=\"\" loading=\"lazy\">\r\n\t\t\t\t\t\t\t\t\t\t<\/a>\r\n\t\t\t\t\t\t\t\t\t<\/div>\r\n\r\n\t\t\t\t\r\n\t\t\t\t\t\t\t\t\t\t\t\r\n\t\t\t\t\r\n\t\t\t\t<div class=\"sev-diaporama-portfolio-item col-12 col-sm  col-grow\">\r\n\r\n\t\t\t\t\t\t\t\t\t\t<a href=\"https:\/\/campinglesramiers.com\/wp-content\/uploads\/2023\/07\/randonnee-IMG_7717-Personnalise.jpg\" data-lightbox=\"sevgallery-2508839442\" style=\"background-image: url(https:\/\/campinglesramiers.com\/wp-content\/uploads\/2023\/07\/randonnee-IMG_7717-Personnalise.jpg)\">\r\n\t\t\t\t\t\t\t\t\t\t\t<img decoding=\"async\" src=\"https:\/\/campinglesramiers.com\/wp-content\/uploads\/2023\/07\/randonnee-IMG_7717-Personnalise.jpg\" alt=\"\" loading=\"lazy\">\r\n\t\t\t\t\t\t\t\t\t\t<\/a>\r\n\t\t\t\t\t\t\t\t\t<\/div>\r\n\r\n\t\t\t\t\r\n\t\t\t\t\t\t\t\t\t\t\t\r\n\t\t\t\t\r\n\t\t\t\t<div class=\"sev-diaporama-portfolio-item col-12 col-sm  col-shrink\">\r\n\r\n\t\t\t\t\t\t\t\t\t\t<a href=\"https:\/\/campinglesramiers.com\/wp-content\/uploads\/2023\/07\/velo-vendee-pistes-cyclables-IMG_7999-Personnalise.jpg\" data-lightbox=\"sevgallery-2508839442\" style=\"background-image: url(https:\/\/campinglesramiers.com\/wp-content\/uploads\/2023\/07\/velo-vendee-pistes-cyclables-IMG_7999-Personnalise.jpg)\">\r\n\t\t\t\t\t\t\t\t\t\t\t<img decoding=\"async\" src=\"https:\/\/campinglesramiers.com\/wp-content\/uploads\/2023\/07\/velo-vendee-pistes-cyclables-IMG_7999-Personnalise.jpg\" alt=\"\" loading=\"lazy\">\r\n\t\t\t\t\t\t\t\t\t\t<\/a>\r\n\t\t\t\t\t\t\t\t\t<\/div>\r\n\r\n\t\t\t\t\r\n\t\t\t\t\t\t\t\t\t\t\t\r\n\t\t\t\t\r\n\t\t\t\t<div class=\"sev-diaporama-portfolio-item col-12 col-sm  col-grow\">\r\n\r\n\t\t\t\t\t\t\t\t\t\t<a href=\"https:\/\/campinglesramiers.com\/wp-content\/uploads\/2023\/07\/rocher-mervent-IMG_6670-Personnalise.jpg\" data-lightbox=\"sevgallery-2508839442\" style=\"background-image: url(https:\/\/campinglesramiers.com\/wp-content\/uploads\/2023\/07\/rocher-mervent-IMG_6670-Personnalise.jpg)\">\r\n\t\t\t\t\t\t\t\t\t\t\t<img decoding=\"async\" src=\"https:\/\/campinglesramiers.com\/wp-content\/uploads\/2023\/07\/rocher-mervent-IMG_6670-Personnalise.jpg\" alt=\"\" loading=\"lazy\">\r\n\t\t\t\t\t\t\t\t\t\t<\/a>\r\n\t\t\t\t\t\t\t\t\t<\/div>\r\n\r\n\t\t\t\t\t\t\t\t\t<div class=\"w-100\"><\/div>\r\n\t\t\t\t\t\t\t\t\t\r\n\t\t\t\t\t\t\t\t\t\t\t\t\t\t<\/div>\r\n\t\t\t<\/div>\r\n\r\n\t\t\t<script>\r\n\t\t\tjQuery(function($) {\r\n\r\n\t\t\t\tvar marginPortfolio = function() {\r\n\r\n\t\t\t\t\tvar $diapo          = $('#sevgallery-2508839442');\r\n\t\t\t\t\tvar container_width = $diapo.parent().outerWidth();\r\n\t\t\t\t\tvar side            = ( $(window).innerWidth() - container_width ) \/ 2;\r\n\r\n\t\t\t\t\t$diapo.css( {\r\n\t\t\t\t\t\t'margin-left': '-' + side + 'px',\r\n\t\t\t\t\t\t'margin-right': '-' + side + 'px',\r\n\t\t\t\t\t} );\r\n\t\t\t\t};\r\n\r\n\t\t\t\t$( window ).resize( function() {\r\n\t\t\t\t\tmarginPortfolio();\r\n\t\t\t\t} );\r\n\t\t\t\tmarginPortfolio();\r\n\t\t\t});\r\n\t\t\t<\/script>\r\n\t\t\t<\/div>","protected":false},"excerpt":{"rendered":"<p>all cycling and hiking trails in Vend\u00e9e For cycling and hiking enthusiasts, Les Ramiers campsite offers a relaxing stopover on the cycle path. Just 200m from the campsite, cycle paths lead to Les Sables d&#8217;Olonne and La Rochelle. The campsite is ideally located on the V\u00e9lodyss\u00e9e route (200m). La V\u00e9lodyss\u00e9e is over 1,200km of cycling [&hellip;]<\/p>\n","protected":false},"author":1,"featured_media":0,"parent":22634,"menu_order":0,"comment_status":"closed","ping_status":"closed","template":"","meta":{"_seopress_robots_primary_cat":"","_seopress_titles_title":"Discover the cycling and hiking trails around the campsite","_seopress_titles_desc":"Traverse the length and breadth of the d\u00e9partement thanks to the cycle paths and footpaths available right outside the campsite.","_seopress_robots_index":"","footnotes":""},"class_list":["post-22636","page","type-page","status-publish","hentry"],"_links":{"self":[{"href":"https:\/\/campinglesramiers.com\/en\/wp-json\/wp\/v2\/pages\/22636","targetHints":{"allow":["GET"]}}],"collection":[{"href":"https:\/\/campinglesramiers.com\/en\/wp-json\/wp\/v2\/pages"}],"about":[{"href":"https:\/\/campinglesramiers.com\/en\/wp-json\/wp\/v2\/types\/page"}],"author":[{"embeddable":true,"href":"https:\/\/campinglesramiers.com\/en\/wp-json\/wp\/v2\/users\/1"}],"replies":[{"embeddable":true,"href":"https:\/\/campinglesramiers.com\/en\/wp-json\/wp\/v2\/comments?post=22636"}],"version-history":[{"count":1,"href":"https:\/\/campinglesramiers.com\/en\/wp-json\/wp\/v2\/pages\/22636\/revisions"}],"predecessor-version":[{"id":22837,"href":"https:\/\/campinglesramiers.com\/en\/wp-json\/wp\/v2\/pages\/22636\/revisions\/22837"}],"up":[{"embeddable":true,"href":"https:\/\/campinglesramiers.com\/en\/wp-json\/wp\/v2\/pages\/22634"}],"wp:attachment":[{"href":"https:\/\/campinglesramiers.com\/en\/wp-json\/wp\/v2\/media?parent=22636"}],"curies":[{"name":"wp","href":"https:\/\/api.w.org\/{rel}","templated":true}]}}