{"id":22692,"date":"2023-07-17T16:53:00","date_gmt":"2023-07-17T14:53:00","guid":{"rendered":"https:\/\/campinglesramiers.com\/natuur\/fietspaden-en-wandelingen\/"},"modified":"2023-10-25T14:04:45","modified_gmt":"2023-10-25T12:04:45","slug":"fietspaden-en-wandelingen","status":"publish","type":"page","link":"https:\/\/campinglesramiers.com\/nl\/natuur\/fietspaden-en-wandelingen\/","title":{"rendered":"Fietspaden en wandelingen"},"content":{"rendered":"\n<h2 class=\"wp-block-heading\">alle fietsroutes en wandelingen in de Vend\u00e9e<\/h2>\n\n\n\n<p>Voor fiets- en wandelliefhebbers biedt camping Les Ramiers een ontspannen tussenstop op het fietspad. Op slechts 200 meter van de camping liggen fietspaden die je meenemen op prachtige tochten tot aan Les Sables d&#8217;Olonne en <a href=\"https:\/\/campinglesramiers.com\/nl\/kant-van-de-stad\/la-rochelle\/\" data-type=\"page\" data-id=\"22697\">La Rochelle<\/a>.<\/p>\n\n\n\n<div class=\"wp-block-columns is-layout-flex wp-container-core-columns-is-layout-28f84493 wp-block-columns-is-layout-flex\">\n<div class=\"wp-block-column is-layout-flow wp-block-column-is-layout-flow\" style=\"flex-basis:20%\">\n<figure class=\"wp-block-image size-full\"><img loading=\"lazy\" decoding=\"async\" width=\"1000\" height=\"667\" src=\"https:\/\/campinglesramiers.com\/wp-content\/uploads\/2023\/07\/Copyright_A.Lamoureux_Vendee_Expansion_Velo_La_Tranche_Sur_Mer_10.jpg\" alt=\"fietsen in vend\u00e9e\" class=\"wp-image-79\" srcset=\"https:\/\/campinglesramiers.com\/wp-content\/uploads\/2023\/07\/Copyright_A.Lamoureux_Vendee_Expansion_Velo_La_Tranche_Sur_Mer_10.jpg 1000w, https:\/\/campinglesramiers.com\/wp-content\/uploads\/2023\/07\/Copyright_A.Lamoureux_Vendee_Expansion_Velo_La_Tranche_Sur_Mer_10-300x200.jpg 300w, https:\/\/campinglesramiers.com\/wp-content\/uploads\/2023\/07\/Copyright_A.Lamoureux_Vendee_Expansion_Velo_La_Tranche_Sur_Mer_10-768x512.jpg 768w\" sizes=\"auto, (max-width: 1000px) 100vw, 1000px\" \/><\/figure>\n<\/div>\n\n\n\n<div class=\"wp-block-column is-layout-flow wp-block-column-is-layout-flow\" style=\"flex-basis:80%\">\n<p>De camping is ideaal gelegen aan de V\u00e9lodyss\u00e9e route (200m). La V\u00e9lodyss\u00e9e is meer dan 1.200 km fietsen langs de Atlantische Oceaan.&nbsp;<a href=\"http:\/\/www.lavelodyssee.com\/\" target=\"_blank\" rel=\"noreferrer noopener\">http:\/\/www.lavelodyssee.com\/<\/a><\/p>\n\n\n\n<p>U kunt ook meer te weten komen over de fietspaden langs de kust van de Vend\u00e9e op:&nbsp;<a rel=\"noreferrer noopener\" href=\"http:\/\/vendeevelo.vendee.fr\/Les-differentes-pistes\/Littoral\" target=\"_blank\">http:\/\/vendeevelo.vendee.fr<\/a>&nbsp;of&nbsp;<a href=\"http:\/\/vendeevelo.vendee-tourisme.com\/itineraires\/\" target=\"_blank\" rel=\"noreferrer noopener\">http:\/\/vendeevelo.vendee-tourisme.com\/itineraires\/<\/a><\/p>\n<\/div>\n<\/div>\n\n\n\n<p>Download de <a rel=\"noreferrer noopener\" href=\"https:\/\/campinglesramiers.com\/wp-content\/uploads\/2015\/11\/pistecyclable-longeville-latranche1.pdf\" target=\"_blank\">route Longeville\/mer &#8211; La Terri\u00e8re (La Tranche\/mer)<\/a><\/p>\n\n\n\n<p>Vend\u00e9e Cycle biedt kleine koninginnen voor alle leeftijden, met de mogelijkheid om ze te brengen en te halen vanaf de camping.<br>Website: www.vendee-cycles.com&nbsp;<\/p>\n\n\n\n<p><strong>Aangezien we het label &#8220;Accueil V\u00e9lo&#8221; hebben, zijn hier&nbsp; de prijzen<\/strong>: voor 1 persoon: 12\u20ac&nbsp; en 2 personen: 15\u20ac + toeristenbelasting van 0,22\u20ac per dag per persoon ouder dan 18.<\/p>\n\n\n<div class=\"wp-block-sev-diaporama alignfull\">\t\t\t<div id=\"sevgallery-2895124077\" class=\"sev-diaporama sev-diaporama-portfolio\">\r\n\t\t\t<div class=\"row\">\r\n\r\n\t\t\t\r\n\t\t\t\t\r\n\t\t\t\t<div class=\"sev-diaporama-portfolio-item col-12 col-sm \">\r\n\r\n\t\t\t\t\t\t\t\t\t\t<a href=\"https:\/\/campinglesramiers.com\/wp-content\/uploads\/2023\/07\/velo-vendee-pistes-cyclables-IMG_8243-Personnalise.jpg\" data-lightbox=\"sevgallery-2895124077\" style=\"background-image: url(https:\/\/campinglesramiers.com\/wp-content\/uploads\/2023\/07\/velo-vendee-pistes-cyclables-IMG_8243-Personnalise.jpg)\">\r\n\t\t\t\t\t\t\t\t\t\t\t<img decoding=\"async\" src=\"https:\/\/campinglesramiers.com\/wp-content\/uploads\/2023\/07\/velo-vendee-pistes-cyclables-IMG_8243-Personnalise.jpg\" alt=\"\" loading=\"lazy\">\r\n\t\t\t\t\t\t\t\t\t\t<\/a>\r\n\t\t\t\t\t\t\t\t\t<\/div>\r\n\r\n\t\t\t\t\r\n\t\t\t\t\t\t\t\t\t\t\t\r\n\t\t\t\t\r\n\t\t\t\t<div class=\"sev-diaporama-portfolio-item col-12 col-sm \">\r\n\r\n\t\t\t\t\t\t\t\t\t\t<a href=\"https:\/\/campinglesramiers.com\/wp-content\/uploads\/2023\/07\/randonnee-IMG_7717-Personnalise.jpg\" data-lightbox=\"sevgallery-2895124077\" style=\"background-image: url(https:\/\/campinglesramiers.com\/wp-content\/uploads\/2023\/07\/randonnee-IMG_7717-Personnalise.jpg)\">\r\n\t\t\t\t\t\t\t\t\t\t\t<img decoding=\"async\" src=\"https:\/\/campinglesramiers.com\/wp-content\/uploads\/2023\/07\/randonnee-IMG_7717-Personnalise.jpg\" alt=\"\" loading=\"lazy\">\r\n\t\t\t\t\t\t\t\t\t\t<\/a>\r\n\t\t\t\t\t\t\t\t\t<\/div>\r\n\r\n\t\t\t\t\r\n\t\t\t\t\t\t\t\t\t\t\t\r\n\t\t\t\t\r\n\t\t\t\t<div class=\"sev-diaporama-portfolio-item col-12 col-sm \">\r\n\r\n\t\t\t\t\t\t\t\t\t\t<a href=\"https:\/\/campinglesramiers.com\/wp-content\/uploads\/2023\/07\/velo-vendee-pistes-cyclables-IMG_7999-Personnalise.jpg\" data-lightbox=\"sevgallery-2895124077\" style=\"background-image: url(https:\/\/campinglesramiers.com\/wp-content\/uploads\/2023\/07\/velo-vendee-pistes-cyclables-IMG_7999-Personnalise.jpg)\">\r\n\t\t\t\t\t\t\t\t\t\t\t<img decoding=\"async\" src=\"https:\/\/campinglesramiers.com\/wp-content\/uploads\/2023\/07\/velo-vendee-pistes-cyclables-IMG_7999-Personnalise.jpg\" alt=\"\" loading=\"lazy\">\r\n\t\t\t\t\t\t\t\t\t\t<\/a>\r\n\t\t\t\t\t\t\t\t\t<\/div>\r\n\r\n\t\t\t\t\r\n\t\t\t\t\t\t\t\t\t\t\t\r\n\t\t\t\t\r\n\t\t\t\t<div class=\"sev-diaporama-portfolio-item col-12 col-sm  col-grow\">\r\n\r\n\t\t\t\t\t\t\t\t\t\t<a href=\"https:\/\/campinglesramiers.com\/wp-content\/uploads\/2023\/07\/rocher-mervent-IMG_6670-Personnalise.jpg\" data-lightbox=\"sevgallery-2895124077\" style=\"background-image: url(https:\/\/campinglesramiers.com\/wp-content\/uploads\/2023\/07\/rocher-mervent-IMG_6670-Personnalise.jpg)\">\r\n\t\t\t\t\t\t\t\t\t\t\t<img decoding=\"async\" src=\"https:\/\/campinglesramiers.com\/wp-content\/uploads\/2023\/07\/rocher-mervent-IMG_6670-Personnalise.jpg\" alt=\"\" loading=\"lazy\">\r\n\t\t\t\t\t\t\t\t\t\t<\/a>\r\n\t\t\t\t\t\t\t\t\t<\/div>\r\n\r\n\t\t\t\t\t\t\t\t\t<div class=\"w-100\"><\/div>\r\n\t\t\t\t\t\t\t\t\t\r\n\t\t\t\t\t\t\t\t\t\t\t\t\t\t<\/div>\r\n\t\t\t<\/div>\r\n\r\n\t\t\t<script>\r\n\t\t\tjQuery(function($) {\r\n\r\n\t\t\t\tvar marginPortfolio = function() {\r\n\r\n\t\t\t\t\tvar $diapo          = $('#sevgallery-2895124077');\r\n\t\t\t\t\tvar container_width = $diapo.parent().outerWidth();\r\n\t\t\t\t\tvar side            = ( $(window).innerWidth() - container_width ) \/ 2;\r\n\r\n\t\t\t\t\t$diapo.css( {\r\n\t\t\t\t\t\t'margin-left': '-' + side + 'px',\r\n\t\t\t\t\t\t'margin-right': '-' + side + 'px',\r\n\t\t\t\t\t} );\r\n\t\t\t\t};\r\n\r\n\t\t\t\t$( window ).resize( function() {\r\n\t\t\t\t\tmarginPortfolio();\r\n\t\t\t\t} );\r\n\t\t\t\tmarginPortfolio();\r\n\t\t\t});\r\n\t\t\t<\/script>\r\n\t\t\t<\/div>","protected":false},"excerpt":{"rendered":"<p>alle fietsroutes en wandelingen in de Vend\u00e9e Voor fiets- en wandelliefhebbers biedt camping Les Ramiers een ontspannen tussenstop op het fietspad. Op slechts 200 meter van de camping liggen fietspaden die je meenemen op prachtige tochten tot aan Les Sables d&#8217;Olonne en La Rochelle. De camping is ideaal gelegen aan de V\u00e9lodyss\u00e9e route (200m). La [&hellip;]<\/p>\n","protected":false},"author":1,"featured_media":0,"parent":22679,"menu_order":0,"comment_status":"closed","ping_status":"closed","template":"","meta":{"_seopress_robots_primary_cat":"","_seopress_titles_title":"Ontdek de fiets- en wandelroutes rondom de camping","_seopress_titles_desc":"Doorkruis het hele departement via de fiets- en wandelpaden direct voor de camping.","_seopress_robots_index":"","footnotes":""},"class_list":["post-22692","page","type-page","status-publish","hentry"],"_links":{"self":[{"href":"https:\/\/campinglesramiers.com\/nl\/wp-json\/wp\/v2\/pages\/22692","targetHints":{"allow":["GET"]}}],"collection":[{"href":"https:\/\/campinglesramiers.com\/nl\/wp-json\/wp\/v2\/pages"}],"about":[{"href":"https:\/\/campinglesramiers.com\/nl\/wp-json\/wp\/v2\/types\/page"}],"author":[{"embeddable":true,"href":"https:\/\/campinglesramiers.com\/nl\/wp-json\/wp\/v2\/users\/1"}],"replies":[{"embeddable":true,"href":"https:\/\/campinglesramiers.com\/nl\/wp-json\/wp\/v2\/comments?post=22692"}],"version-history":[{"count":1,"href":"https:\/\/campinglesramiers.com\/nl\/wp-json\/wp\/v2\/pages\/22692\/revisions"}],"predecessor-version":[{"id":22856,"href":"https:\/\/campinglesramiers.com\/nl\/wp-json\/wp\/v2\/pages\/22692\/revisions\/22856"}],"up":[{"embeddable":true,"href":"https:\/\/campinglesramiers.com\/nl\/wp-json\/wp\/v2\/pages\/22679"}],"wp:attachment":[{"href":"https:\/\/campinglesramiers.com\/nl\/wp-json\/wp\/v2\/media?parent=22692"}],"curies":[{"name":"wp","href":"https:\/\/api.w.org\/{rel}","templated":true}]}}